{"id":5287,"date":"2025-08-07T16:40:43","date_gmt":"2025-08-07T14:40:43","guid":{"rendered":"https:\/\/museoralli.es\/irrealidades\/en\/digitale-memorias\/una-nina-de-6-anos-caucasica-con-el-pelo-negro-y-un-lazo-rojo-en-el-pelo-en-la-orilla-de-una-playa-de-marbella-sonriendo-con-un-banador-amarillo-pastel-el-cual-tiene-una-pequena-sandia-en-el-centro\/"},"modified":"2025-08-07T16:40:43","modified_gmt":"2025-08-07T14:40:43","slug":"una-nina-de-6-anos-caucasica-con-el-pelo-negro-y-un-lazo-rojo-en-el-pelo-en-la-orilla-de-una-playa-de-marbella-sonriendo-con-un-banador-amarillo-pastel-el-cual-tiene-una-pequena-sandia-en-el-centro","status":"publish","type":"digitale-memorias","link":"https:\/\/museoralli.es\/irrealidades\/digitale-memorias\/una-nina-de-6-anos-caucasica-con-el-pelo-negro-y-un-lazo-rojo-en-el-pelo-en-la-orilla-de-una-playa-de-marbella-sonriendo-con-un-banador-amarillo-pastel-el-cual-tiene-una-pequena-sandia-en-el-centro\/","title":{"rendered":"Una ni\u00f1a de 6 a\u00f1os cauc\u00e1sica con el pelo negro y un lazo rojo en el pelo, en la orilla de una playa de Marbella sonriendo con un ba\u00f1ador amarillo pastel el cual tiene una peque\u00f1a sand\u00eda en el centro, en la zona del pecho."},"featured_media":5288,"template":"","class_list":["post-5287","digitale-memorias","type-digitale-memorias","status-publish","has-post-thumbnail","hentry"],"yoast_head":"<!-- This site is optimized with the Yoast SEO plugin v26.0 - https:\/\/yoast.com\/wordpress\/plugins\/seo\/ -->\n<title>Una ni\u00f1a de 6 a\u00f1os cauc\u00e1sica con el pelo negro y un lazo rojo en el pelo, en la orilla de una playa de Marbella sonriendo con un ba\u00f1ador amarillo pastel el cual tiene una peque\u00f1a sand\u00eda en el centro, en la zona del pecho. - (i)realidades<\/title>\n<meta name=\"robots\" content=\"index, follow, max-snippet:-1, max-image-preview:large, max-video-preview:-1\" \/>\n<link rel=\"canonical\" href=\"https:\/\/museoralli.es\/irrealidades\/digitale-memorias\/una-nina-de-6-anos-caucasica-con-el-pelo-negro-y-un-lazo-rojo-en-el-pelo-en-la-orilla-de-una-playa-de-marbella-sonriendo-con-un-banador-amarillo-pastel-el-cual-tiene-una-pequena-sandia-en-el-centro\/\" \/>\n<meta property=\"og:locale\" content=\"es_ES\" \/>\n<meta property=\"og:type\" content=\"article\" \/>\n<meta property=\"og:title\" content=\"Una ni\u00f1a de 6 a\u00f1os cauc\u00e1sica con el pelo negro y un lazo rojo en el pelo, en la orilla de una playa de Marbella sonriendo con un ba\u00f1ador amarillo pastel el cual tiene una peque\u00f1a sand\u00eda en el centro, en la zona del pecho. - (i)realidades\" \/>\n<meta property=\"og:description\" content=\"Una ni\u00f1a de 6 a\u00f1os cauc\u00e1sica con el pelo negro y un lazo rojo en el pelo, en la orilla de una playa de Marbella sonriendo con un ba\u00f1ador amarillo pastel el cual tiene una peque\u00f1a sand\u00eda en el centro, en la zona del pecho.\" \/>\n<meta property=\"og:url\" content=\"https:\/\/museoralli.es\/irrealidades\/digitale-memorias\/una-nina-de-6-anos-caucasica-con-el-pelo-negro-y-un-lazo-rojo-en-el-pelo-en-la-orilla-de-una-playa-de-marbella-sonriendo-con-un-banador-amarillo-pastel-el-cual-tiene-una-pequena-sandia-en-el-centro\/\" \/>\n<meta property=\"og:site_name\" content=\"(i)realidades\" \/>\n<meta property=\"og:image\" content=\"https:\/\/museoralli.es\/irrealidades\/wp-content\/uploads\/2025\/08\/6894baeb993ae-image.webp\" \/>\n\t<meta property=\"og:image:width\" content=\"1024\" \/>\n\t<meta property=\"og:image:height\" content=\"768\" \/>\n\t<meta property=\"og:image:type\" content=\"image\/webp\" \/>\n<meta name=\"twitter:card\" content=\"summary_large_image\" \/>\n<script type=\"application\/ld+json\" class=\"yoast-schema-graph\">{\"@context\":\"https:\/\/schema.org\",\"@graph\":[{\"@type\":\"WebPage\",\"@id\":\"https:\/\/museoralli.es\/irrealidades\/digitale-memorias\/una-nina-de-6-anos-caucasica-con-el-pelo-negro-y-un-lazo-rojo-en-el-pelo-en-la-orilla-de-una-playa-de-marbella-sonriendo-con-un-banador-amarillo-pastel-el-cual-tiene-una-pequena-sandia-en-el-centro\/\",\"url\":\"https:\/\/museoralli.es\/irrealidades\/digitale-memorias\/una-nina-de-6-anos-caucasica-con-el-pelo-negro-y-un-lazo-rojo-en-el-pelo-en-la-orilla-de-una-playa-de-marbella-sonriendo-con-un-banador-amarillo-pastel-el-cual-tiene-una-pequena-sandia-en-el-centro\/\",\"name\":\"Una ni\u00f1a de 6 a\u00f1os cauc\u00e1sica con el pelo negro y un lazo rojo en el pelo, en la orilla de una playa de Marbella sonriendo con un ba\u00f1ador amarillo pastel el cual tiene una peque\u00f1a sand\u00eda en el centro, en la zona del pecho. - (i)realidades\",\"isPartOf\":{\"@id\":\"https:\/\/museoralli.es\/irrealidades\/#website\"},\"primaryImageOfPage\":{\"@id\":\"https:\/\/museoralli.es\/irrealidades\/digitale-memorias\/una-nina-de-6-anos-caucasica-con-el-pelo-negro-y-un-lazo-rojo-en-el-pelo-en-la-orilla-de-una-playa-de-marbella-sonriendo-con-un-banador-amarillo-pastel-el-cual-tiene-una-pequena-sandia-en-el-centro\/#primaryimage\"},\"image\":{\"@id\":\"https:\/\/museoralli.es\/irrealidades\/digitale-memorias\/una-nina-de-6-anos-caucasica-con-el-pelo-negro-y-un-lazo-rojo-en-el-pelo-en-la-orilla-de-una-playa-de-marbella-sonriendo-con-un-banador-amarillo-pastel-el-cual-tiene-una-pequena-sandia-en-el-centro\/#primaryimage\"},\"thumbnailUrl\":\"https:\/\/museoralli.es\/irrealidades\/wp-content\/uploads\/2025\/08\/6894baeb993ae-image.webp\",\"datePublished\":\"2025-08-07T14:40:43+00:00\",\"breadcrumb\":{\"@id\":\"https:\/\/museoralli.es\/irrealidades\/digitale-memorias\/una-nina-de-6-anos-caucasica-con-el-pelo-negro-y-un-lazo-rojo-en-el-pelo-en-la-orilla-de-una-playa-de-marbella-sonriendo-con-un-banador-amarillo-pastel-el-cual-tiene-una-pequena-sandia-en-el-centro\/#breadcrumb\"},\"inLanguage\":\"es\",\"potentialAction\":[{\"@type\":\"ReadAction\",\"target\":[\"https:\/\/museoralli.es\/irrealidades\/digitale-memorias\/una-nina-de-6-anos-caucasica-con-el-pelo-negro-y-un-lazo-rojo-en-el-pelo-en-la-orilla-de-una-playa-de-marbella-sonriendo-con-un-banador-amarillo-pastel-el-cual-tiene-una-pequena-sandia-en-el-centro\/\"]}]},{\"@type\":\"ImageObject\",\"inLanguage\":\"es\",\"@id\":\"https:\/\/museoralli.es\/irrealidades\/digitale-memorias\/una-nina-de-6-anos-caucasica-con-el-pelo-negro-y-un-lazo-rojo-en-el-pelo-en-la-orilla-de-una-playa-de-marbella-sonriendo-con-un-banador-amarillo-pastel-el-cual-tiene-una-pequena-sandia-en-el-centro\/#primaryimage\",\"url\":\"https:\/\/museoralli.es\/irrealidades\/wp-content\/uploads\/2025\/08\/6894baeb993ae-image.webp\",\"contentUrl\":\"https:\/\/museoralli.es\/irrealidades\/wp-content\/uploads\/2025\/08\/6894baeb993ae-image.webp\",\"width\":1024,\"height\":768},{\"@type\":\"BreadcrumbList\",\"@id\":\"https:\/\/museoralli.es\/irrealidades\/digitale-memorias\/una-nina-de-6-anos-caucasica-con-el-pelo-negro-y-un-lazo-rojo-en-el-pelo-en-la-orilla-de-una-playa-de-marbella-sonriendo-con-un-banador-amarillo-pastel-el-cual-tiene-una-pequena-sandia-en-el-centro\/#breadcrumb\",\"itemListElement\":[{\"@type\":\"ListItem\",\"position\":1,\"name\":\"Portada\",\"item\":\"https:\/\/museoralli.es\/irrealidades\/home\/\"},{\"@type\":\"ListItem\",\"position\":2,\"name\":\"Digitale Memorias\",\"item\":\"https:\/\/museoralli.es\/irrealidades\/digitale-memorias\/\"},{\"@type\":\"ListItem\",\"position\":3,\"name\":\"Una ni\u00f1a de 6 a\u00f1os cauc\u00e1sica con el pelo negro y un lazo rojo en el pelo, en la orilla de una playa de Marbella sonriendo con un ba\u00f1ador amarillo pastel el cual tiene una peque\u00f1a sand\u00eda en el centro, en la zona del pecho.\"}]},{\"@type\":\"WebSite\",\"@id\":\"https:\/\/museoralli.es\/irrealidades\/#website\",\"url\":\"https:\/\/museoralli.es\/irrealidades\/\",\"name\":\"(i)realidades Museo Ralli\",\"description\":\"Un proyecto educativo art\u00edstico del Museo Ralli Marbella\",\"publisher\":{\"@id\":\"https:\/\/museoralli.es\/irrealidades\/#organization\"},\"potentialAction\":[{\"@type\":\"SearchAction\",\"target\":{\"@type\":\"EntryPoint\",\"urlTemplate\":\"https:\/\/museoralli.es\/irrealidades\/?s={search_term_string}\"},\"query-input\":{\"@type\":\"PropertyValueSpecification\",\"valueRequired\":true,\"valueName\":\"search_term_string\"}}],\"inLanguage\":\"es\"},{\"@type\":\"Organization\",\"@id\":\"https:\/\/museoralli.es\/irrealidades\/#organization\",\"name\":\"(i)realidades\",\"url\":\"https:\/\/museoralli.es\/irrealidades\/\",\"logo\":{\"@type\":\"ImageObject\",\"inLanguage\":\"es\",\"@id\":\"https:\/\/museoralli.es\/irrealidades\/#\/schema\/logo\/image\/\",\"url\":\"https:\/\/museoralli.es\/irrealidades\/wp-content\/uploads\/2025\/05\/Logo-vectorial-1.jpg\",\"contentUrl\":\"https:\/\/museoralli.es\/irrealidades\/wp-content\/uploads\/2025\/05\/Logo-vectorial-1.jpg\",\"width\":438,\"height\":75,\"caption\":\"(i)realidades\"},\"image\":{\"@id\":\"https:\/\/museoralli.es\/irrealidades\/#\/schema\/logo\/image\/\"}}]}<\/script>\n<!-- \/ Yoast SEO plugin. -->","yoast_head_json":{"title":"Una ni\u00f1a de 6 a\u00f1os cauc\u00e1sica con el pelo negro y un lazo rojo en el pelo, en la orilla de una playa de Marbella sonriendo con un ba\u00f1ador amarillo pastel el cual tiene una peque\u00f1a sand\u00eda en el centro, en la zona del pecho. - (i)realidades","robots":{"index":"index","follow":"follow","max-snippet":"max-snippet:-1","max-image-preview":"max-image-preview:large","max-video-preview":"max-video-preview:-1"},"canonical":"https:\/\/museoralli.es\/irrealidades\/digitale-memorias\/una-nina-de-6-anos-caucasica-con-el-pelo-negro-y-un-lazo-rojo-en-el-pelo-en-la-orilla-de-una-playa-de-marbella-sonriendo-con-un-banador-amarillo-pastel-el-cual-tiene-una-pequena-sandia-en-el-centro\/","og_locale":"es_ES","og_type":"article","og_title":"Una ni\u00f1a de 6 a\u00f1os cauc\u00e1sica con el pelo negro y un lazo rojo en el pelo, en la orilla de una playa de Marbella sonriendo con un ba\u00f1ador amarillo pastel el cual tiene una peque\u00f1a sand\u00eda en el centro, en la zona del pecho. - (i)realidades","og_description":"Una ni\u00f1a de 6 a\u00f1os cauc\u00e1sica con el pelo negro y un lazo rojo en el pelo, en la orilla de una playa de Marbella sonriendo con un ba\u00f1ador amarillo pastel el cual tiene una peque\u00f1a sand\u00eda en el centro, en la zona del pecho.","og_url":"https:\/\/museoralli.es\/irrealidades\/digitale-memorias\/una-nina-de-6-anos-caucasica-con-el-pelo-negro-y-un-lazo-rojo-en-el-pelo-en-la-orilla-de-una-playa-de-marbella-sonriendo-con-un-banador-amarillo-pastel-el-cual-tiene-una-pequena-sandia-en-el-centro\/","og_site_name":"(i)realidades","og_image":[{"width":1024,"height":768,"url":"https:\/\/museoralli.es\/irrealidades\/wp-content\/uploads\/2025\/08\/6894baeb993ae-image.webp","type":"image\/webp"}],"twitter_card":"summary_large_image","schema":{"@context":"https:\/\/schema.org","@graph":[{"@type":"WebPage","@id":"https:\/\/museoralli.es\/irrealidades\/digitale-memorias\/una-nina-de-6-anos-caucasica-con-el-pelo-negro-y-un-lazo-rojo-en-el-pelo-en-la-orilla-de-una-playa-de-marbella-sonriendo-con-un-banador-amarillo-pastel-el-cual-tiene-una-pequena-sandia-en-el-centro\/","url":"https:\/\/museoralli.es\/irrealidades\/digitale-memorias\/una-nina-de-6-anos-caucasica-con-el-pelo-negro-y-un-lazo-rojo-en-el-pelo-en-la-orilla-de-una-playa-de-marbella-sonriendo-con-un-banador-amarillo-pastel-el-cual-tiene-una-pequena-sandia-en-el-centro\/","name":"Una ni\u00f1a de 6 a\u00f1os cauc\u00e1sica con el pelo negro y un lazo rojo en el pelo, en la orilla de una playa de Marbella sonriendo con un ba\u00f1ador amarillo pastel el cual tiene una peque\u00f1a sand\u00eda en el centro, en la zona del pecho. - (i)realidades","isPartOf":{"@id":"https:\/\/museoralli.es\/irrealidades\/#website"},"primaryImageOfPage":{"@id":"https:\/\/museoralli.es\/irrealidades\/digitale-memorias\/una-nina-de-6-anos-caucasica-con-el-pelo-negro-y-un-lazo-rojo-en-el-pelo-en-la-orilla-de-una-playa-de-marbella-sonriendo-con-un-banador-amarillo-pastel-el-cual-tiene-una-pequena-sandia-en-el-centro\/#primaryimage"},"image":{"@id":"https:\/\/museoralli.es\/irrealidades\/digitale-memorias\/una-nina-de-6-anos-caucasica-con-el-pelo-negro-y-un-lazo-rojo-en-el-pelo-en-la-orilla-de-una-playa-de-marbella-sonriendo-con-un-banador-amarillo-pastel-el-cual-tiene-una-pequena-sandia-en-el-centro\/#primaryimage"},"thumbnailUrl":"https:\/\/museoralli.es\/irrealidades\/wp-content\/uploads\/2025\/08\/6894baeb993ae-image.webp","datePublished":"2025-08-07T14:40:43+00:00","breadcrumb":{"@id":"https:\/\/museoralli.es\/irrealidades\/digitale-memorias\/una-nina-de-6-anos-caucasica-con-el-pelo-negro-y-un-lazo-rojo-en-el-pelo-en-la-orilla-de-una-playa-de-marbella-sonriendo-con-un-banador-amarillo-pastel-el-cual-tiene-una-pequena-sandia-en-el-centro\/#breadcrumb"},"inLanguage":"es","potentialAction":[{"@type":"ReadAction","target":["https:\/\/museoralli.es\/irrealidades\/digitale-memorias\/una-nina-de-6-anos-caucasica-con-el-pelo-negro-y-un-lazo-rojo-en-el-pelo-en-la-orilla-de-una-playa-de-marbella-sonriendo-con-un-banador-amarillo-pastel-el-cual-tiene-una-pequena-sandia-en-el-centro\/"]}]},{"@type":"ImageObject","inLanguage":"es","@id":"https:\/\/museoralli.es\/irrealidades\/digitale-memorias\/una-nina-de-6-anos-caucasica-con-el-pelo-negro-y-un-lazo-rojo-en-el-pelo-en-la-orilla-de-una-playa-de-marbella-sonriendo-con-un-banador-amarillo-pastel-el-cual-tiene-una-pequena-sandia-en-el-centro\/#primaryimage","url":"https:\/\/museoralli.es\/irrealidades\/wp-content\/uploads\/2025\/08\/6894baeb993ae-image.webp","contentUrl":"https:\/\/museoralli.es\/irrealidades\/wp-content\/uploads\/2025\/08\/6894baeb993ae-image.webp","width":1024,"height":768},{"@type":"BreadcrumbList","@id":"https:\/\/museoralli.es\/irrealidades\/digitale-memorias\/una-nina-de-6-anos-caucasica-con-el-pelo-negro-y-un-lazo-rojo-en-el-pelo-en-la-orilla-de-una-playa-de-marbella-sonriendo-con-un-banador-amarillo-pastel-el-cual-tiene-una-pequena-sandia-en-el-centro\/#breadcrumb","itemListElement":[{"@type":"ListItem","position":1,"name":"Portada","item":"https:\/\/museoralli.es\/irrealidades\/home\/"},{"@type":"ListItem","position":2,"name":"Digitale Memorias","item":"https:\/\/museoralli.es\/irrealidades\/digitale-memorias\/"},{"@type":"ListItem","position":3,"name":"Una ni\u00f1a de 6 a\u00f1os cauc\u00e1sica con el pelo negro y un lazo rojo en el pelo, en la orilla de una playa de Marbella sonriendo con un ba\u00f1ador amarillo pastel el cual tiene una peque\u00f1a sand\u00eda en el centro, en la zona del pecho."}]},{"@type":"WebSite","@id":"https:\/\/museoralli.es\/irrealidades\/#website","url":"https:\/\/museoralli.es\/irrealidades\/","name":"(i)realidades Museo Ralli","description":"Un proyecto educativo art\u00edstico del Museo Ralli Marbella","publisher":{"@id":"https:\/\/museoralli.es\/irrealidades\/#organization"},"potentialAction":[{"@type":"SearchAction","target":{"@type":"EntryPoint","urlTemplate":"https:\/\/museoralli.es\/irrealidades\/?s={search_term_string}"},"query-input":{"@type":"PropertyValueSpecification","valueRequired":true,"valueName":"search_term_string"}}],"inLanguage":"es"},{"@type":"Organization","@id":"https:\/\/museoralli.es\/irrealidades\/#organization","name":"(i)realidades","url":"https:\/\/museoralli.es\/irrealidades\/","logo":{"@type":"ImageObject","inLanguage":"es","@id":"https:\/\/museoralli.es\/irrealidades\/#\/schema\/logo\/image\/","url":"https:\/\/museoralli.es\/irrealidades\/wp-content\/uploads\/2025\/05\/Logo-vectorial-1.jpg","contentUrl":"https:\/\/museoralli.es\/irrealidades\/wp-content\/uploads\/2025\/05\/Logo-vectorial-1.jpg","width":438,"height":75,"caption":"(i)realidades"},"image":{"@id":"https:\/\/museoralli.es\/irrealidades\/#\/schema\/logo\/image\/"}}]}},"_links":{"self":[{"href":"https:\/\/museoralli.es\/irrealidades\/wp-json\/wp\/v2\/digitale-memorias\/5287","targetHints":{"allow":["GET"]}}],"collection":[{"href":"https:\/\/museoralli.es\/irrealidades\/wp-json\/wp\/v2\/digitale-memorias"}],"about":[{"href":"https:\/\/museoralli.es\/irrealidades\/wp-json\/wp\/v2\/types\/digitale-memorias"}],"wp:featuredmedia":[{"embeddable":true,"href":"https:\/\/museoralli.es\/irrealidades\/wp-json\/wp\/v2\/media\/5288"}],"wp:attachment":[{"href":"https:\/\/museoralli.es\/irrealidades\/wp-json\/wp\/v2\/media?parent=5287"}],"curies":[{"name":"wp","href":"https:\/\/api.w.org\/{rel}","templated":true}]}}